{"id":6365,"date":"2023-09-04T06:00:19","date_gmt":"2023-09-04T06:00:19","guid":{"rendered":"https:\/\/www.yaseminanaokulu.com\/?page_id=6365"},"modified":"2023-09-04T06:10:10","modified_gmt":"2023-09-04T06:10:10","slug":"ataturk-kosesi","status":"publish","type":"page","link":"https:\/\/www.yaseminanaokulu.com\/?page_id=6365","title":{"rendered":"Atat\u00fcrk K\u00f6\u015fesi"},"content":{"rendered":"\t\t<div data-elementor-type=\"wp-page\" data-elementor-id=\"6365\" class=\"elementor elementor-6365\">\n\t\t\t\t\t\t<div class=\"elementor-inner\">\n\t\t\t\t<div class=\"elementor-section-wrap\">\n\t\t\t\t\t\t\t\t\t<section class=\"elementor-section elementor-top-section elementor-element elementor-element-52fbbc2 elementor-section-boxed elementor-section-height-default elementor-section-height-default\" data-id=\"52fbbc2\" data-element_type=\"section\">\n\t\t\t\t\t\t<div class=\"elementor-container elementor-column-gap-default\">\n\t\t\t\t\t\t\t<div class=\"elementor-row\">\n\t\t\t\t\t<div class=\"elementor-column elementor-col-100 elementor-top-column elementor-element elementor-element-ef3a276\" data-id=\"ef3a276\" data-element_type=\"column\">\n\t\t\t<div class=\"elementor-column-wrap elementor-element-populated\">\n\t\t\t\t\t\t\t<div class=\"elementor-widget-wrap\">\n\t\t\t\t\t\t<div class=\"elementor-element elementor-element-6a74d9b elementor-widget elementor-widget-cws_heading\" data-id=\"6a74d9b\" data-element_type=\"widget\" data-widget_type=\"cws_heading.default\">\n\t\t\t\t<div class=\"elementor-widget-container\">\n\t\t\t<h3 class=\"ce_title heading\"><div>MEB \u00d6zel Yasemin Anaokulu - Avc\u0131lar<\/div><\/h3>\t\t<\/div>\n\t\t\t\t<\/div>\n\t\t\t\t\t\t<\/div>\n\t\t\t\t\t<\/div>\n\t\t<\/div>\n\t\t\t\t\t\t\t\t<\/div>\n\t\t\t\t\t<\/div>\n\t\t<\/section>\n\t\t\t\t<section class=\"elementor-section elementor-top-section elementor-element elementor-element-7bc5f7a elementor-section-boxed elementor-section-height-default elementor-section-height-default\" data-id=\"7bc5f7a\" data-element_type=\"section\">\n\t\t\t\t\t\t<div class=\"elementor-container elementor-column-gap-default\">\n\t\t\t\t\t\t\t<div class=\"elementor-row\">\n\t\t\t\t\t<div class=\"elementor-column elementor-col-100 elementor-top-column elementor-element elementor-element-5bd9b35\" data-id=\"5bd9b35\" data-element_type=\"column\">\n\t\t\t<div class=\"elementor-column-wrap elementor-element-populated\">\n\t\t\t\t\t\t\t<div class=\"elementor-widget-wrap\">\n\t\t\t\t\t\t<div class=\"elementor-element elementor-element-6c515a7 elementor-widget elementor-widget-text-editor\" data-id=\"6c515a7\" data-element_type=\"widget\" data-widget_type=\"text-editor.default\">\n\t\t\t\t<div class=\"elementor-widget-container\">\n\t\t\t<style>\/*! elementor - v3.15.0 - 20-08-2023 *\/\n.elementor-widget-text-editor.elementor-drop-cap-view-stacked .elementor-drop-cap{background-color:#69727d;color:#fff}.elementor-widget-text-editor.elementor-drop-cap-view-framed .elementor-drop-cap{color:#69727d;border:3px solid;background-color:transparent}.elementor-widget-text-editor:not(.elementor-drop-cap-view-default) .elementor-drop-cap{margin-top:8px}.elementor-widget-text-editor:not(.elementor-drop-cap-view-default) .elementor-drop-cap-letter{width:1em;height:1em}.elementor-widget-text-editor .elementor-drop-cap{float:left;text-align:center;line-height:1;font-size:50px}.elementor-widget-text-editor .elementor-drop-cap-letter{display:inline-block}<\/style>\t\t\t\t\t<div class=\"elementor-text-editor elementor-clearfix\">\n\t\t\t\t<p><em><img decoding=\"async\" loading=\"lazy\" class=\"alignnone size-medium wp-image-6371\" src=\"http:\/\/www.yaseminanaokulu.com\/wp-content\/uploads\/2023\/09\/ataturk-1-e1693807785516-300x300.jpg\" alt=\"\" width=\"300\" height=\"300\" srcset=\"https:\/\/www.yaseminanaokulu.com\/wp-content\/uploads\/2023\/09\/ataturk-1-e1693807785516-300x300.jpg 300w, https:\/\/www.yaseminanaokulu.com\/wp-content\/uploads\/2023\/09\/ataturk-1-e1693807785516-1024x1024.jpg 1024w, https:\/\/www.yaseminanaokulu.com\/wp-content\/uploads\/2023\/09\/ataturk-1-e1693807785516-150x150.jpg 150w, https:\/\/www.yaseminanaokulu.com\/wp-content\/uploads\/2023\/09\/ataturk-1-e1693807785516-1536x1536.jpg 1536w, https:\/\/www.yaseminanaokulu.com\/wp-content\/uploads\/2023\/09\/ataturk-1-e1693807785516-2048x2048.jpg 2048w, https:\/\/www.yaseminanaokulu.com\/wp-content\/uploads\/2023\/09\/ataturk-1-e1693807785516-100x100.jpg 100w\" sizes=\"(max-width: 300px) 100vw, 300px\" \/><\/em><\/p><p><strong>Bir Kahraman\u0131n Kronolojisi<\/strong><\/p><ul><li>1881 &#8211; Mustafa Kemal Atat\u00fcrk Selanik\u2019te do\u011fdu.<\/li><li>1886-\u00a0 Mustafa Kemal \u015eemsi Efendi Okuluna ba\u015flad\u0131.<\/li><li>1893 &#8211; Mustafa Kemal Selanik Asker\u00ee R\u00fc\u015ftiyesine ba\u015flad\u0131.<\/li><li>13 Mart 1896 &#8211; Mustafa Kemal Manast\u0131r Asker\u00ee \u0130dadisine girdi.<\/li><li>13 Mart 1899 &#8211; Mustafa Kemal Harp Okuluna ba\u015flad\u0131.<\/li><li>10 \u015eubat 1902 &#8211; Mustafa Kemal Harp Akademisine girmesi ve burada gazete \u00e7\u0131kard\u0131.<\/li><li>11 Ocak 1905 -Mustafa Kemal Harp Akademisinden Kurmay Y\u00fczba\u015f\u0131 olarak mezun oldu.<\/li><li>5 \u015eubat 1905 Mustafa Kemal \u015eam\u2019da bulunan 5. Ordu&#8217;ya ba\u011fl\u0131 30. S\u00fcvari Alay\u0131na atand\u0131.<\/li><li>Ekim 1906 -Mustafa Kemal arkada\u015flar\u0131yla Vatan ve H\u00fcrriyet Cemiyetini kurdu, top\u00e7u staj\u0131n\u0131 yapt\u0131, Kola\u011fas\u0131 oldu.<\/li><li>23 Temmuz 1908 &#8211; Mustafa Kemal Me\u015frutiyet\u2019in ilan\u0131 i\u00e7in \u00e7al\u0131\u015fmaya ba\u015flad\u0131.<\/li><li>23 Nisan 1909 &#8211; Mustafa Kemal 31 Mart Olay\u0131nda Harek\u00e2t Ordusu Kurmay Ba\u015fkan\u0131 olarak \u0130stanbul\u2019da g\u00f6rev ald\u0131.<\/li><li>5 Ekim 1911 &#8211; Mustafa Kemal Tobruk ve Derne\u2019de \u0130talyanlara kar\u015f\u0131 Trablusgarp Sava\u015f\u0131\u2019na kat\u0131ld\u0131, Tobruk ve Derne sald\u0131r\u0131s\u0131n\u0131 y\u00f6netti, bu sald\u0131r\u0131da g\u00f6z\u00fcnden yaraland\u0131.<\/li><li>27 Ekim 1913 &#8211; Mustafa Kemal Sofya Ata\u015femiliterli\u011fi&#8217;ne atand\u0131.<\/li><li>1 Mart 1914 &#8211; Mustafa Kemal Yarbayl\u0131\u011fa y\u00fckseltildi.<\/li><li>2 \u015eubat 1915 &#8211; Mustafa Kemal\u2019in Eceabad\u2019ta (Maydos) bulunan 19. T\u00fcmen Komutanl\u0131\u011f\u0131na atand\u0131.<\/li><li>8-9 A\u011fustos 1915 -Mustafa Kemal Anafartalar Komutanl\u0131\u011f\u0131na atand\u0131.<\/li><li>17 A\u011fustos 1915 &#8211; Mustafa Kemal Kire\u00e7tepe Zaferi\u2019ni kazand\u0131.<\/li><li>21 A\u011fustos 1915 -Mustafa Kemal \u0130kinci Anafartalar Zaferi\u2019ni kazand\u0131.<\/li><li>1 Nisan 1916 &#8211; Mustafa Kemal Tu\u011fgeneralli\u011fe y\u00fckseldi<\/li><li>6 A\u011fustos 1916 &#8211; Mustafa Kemal, Bitlis ve Mu\u015f\u2019u d\u00fc\u015fman elinden kurtard\u0131.<\/li><li>15 Aral\u0131k 1917 &#8211; Mustafa Kemal Veliaht Vahdettin ile Almanya\u2019ya gitti.<\/li><li>31 Ekim 1918 &#8211; Mustafa Kemal Y\u0131ld\u0131r\u0131m Ordular\u0131 Komutan\u0131 oldu.<\/li><li>13 Kas\u0131m 1918 &#8211; Mustafa Kemal Istanbul\u2019a d\u00f6nd\u00fc.<\/li><li>16 May\u0131s 1919 Mustafa Kemal Band\u0131rma Vapuru ile Istanbul\u2019dan ayr\u0131ld\u0131.<\/li><li>19 May\u0131s 1919 &#8211; Mustafa Kemal 9. Ordu M\u00fcfetti\u015fi olarak Samsun\u2019a \u00e7\u0131kt\u0131.<\/li><li>21 Haziran 1919 -Mustafa Kemal ulusal g\u00fc\u00e7leri Sivas Kongresi\u2019ne \u00e7a\u011f\u0131rd\u0131.<\/li><li>8-9 Temmuz 1919 &#8211; Mustafa Kemal askerlik g\u00f6revinden istifa etti.<\/li><li>23 Temmuz 1919 &#8211; Mustafa Kemal Erzurum Kongresi\u2019ni toplad\u0131 ve Temsil Heyeti se\u00e7ildi.<\/li><li>4 Eyl\u00fcl 1919 &#8211; Sivas Kongresi\u2019nin topland\u0131 ve Mustafa Kemal Kongre Ba\u015fkanl\u0131\u011f\u0131na se\u00e7ildi.<\/li><li>11 Eyl\u00fcl 1919 &#8211; Mustafa Kemal, Anadolu ve Rumeli M\u00fcdafa-i Hukuk Cemiyeti Temsil Heyeti Ba\u015fkanl\u0131\u011f\u0131\u2019na se\u00e7ildi<\/li><li>20-22 Ekim 1919 &#8211; Amasya G\u00f6r\u00fc\u015fmelerini ger\u00e7ekle\u015ftirdi.<\/li><li>7 Kas\u0131m 1919 &#8211; Mustafa Kemal Erzurum\u2019dan milletvekili se\u00e7ildi.<\/li><li>27 Aral\u0131k 1919 &#8211; Mustafa Kemal Temsil Heyeti ile Ankara\u2019ya geldi.<\/li><li>19 Mart 1919- Mustafa Kemal taraf\u0131ndan Ankara\u2019da \u00fcst\u00fcn yetkiyi ta\u015f\u0131yan bir Millet Meclisi toplanmas\u0131 duyurusunun yap\u0131ld\u0131.<\/li><li>23 Nisan 1920- Mustafa Kemal Ankara\u2019da B\u00fcy\u00fck Millet Meclisini a\u00e7t\u0131.<\/li><li>24 Nisan 1920-Mustafa Kemal B\u00fcy\u00fck Millet Meclisi Ba\u015fkanl\u0131\u011f\u0131&#8217;na se\u00e7ildi.<\/li><li>5 May\u0131s 1920- Mustafa Kemal\u2019in ba\u015fkanl\u0131\u011f\u0131nda ilk H\u00fck\u00fcmet topland\u0131.<\/li><li>6-10 Ocak 1921 &#8211; I. \u0130n\u00f6n\u00fc Sava\u015f\u0131\u2019n\u0131n yap\u0131lmas\u0131, Mustafa Kemal\u2019in \u0130n\u00f6n\u00fc\u2019ye \u201c\u2026Bu ba\u015far\u0131n\u0131n kutsal topraklar\u0131m\u0131z\u0131 d\u00fc\u015fman istil\u00e2s\u0131ndan tamamiyle kurtaracak olan kesin zafere bir hay\u0131rl\u0131 ba\u015flang\u0131\u00e7 olmas\u0131n\u0131 Allah\u2019dan dilerim.\u201d telgraf\u0131n\u0131 \u00e7ekti.<\/li><li>26 Mart \/1 Nisan 1921 &#8211; II. \u0130n\u00f6n\u00fc Sava\u015f\u0131\u2019n\u0131n yap\u0131lmas\u0131, Mustafa Kemal\u2019in ismet \u0130n\u00f6n\u00fc\u2019ye \u201cSiz orada yaln\u0131zca d\u00fc\u015fman\u0131 de\u011fil ulusun makus talihini de yendiniz\u201d telgraf\u0131n\u0131 \u00e7ekti.<\/li><li>10 May\u0131s 1921 &#8211; Mustafa Kemal&#8217;in \u00f6nerisiyle, TBMM\u2019de \u201cAnadolu ve Rumeli M\u00fbdafaa-i Hukuk Grubu\u201d kuruldu. Mustafa Kemal, bu grubun ba\u015fkanl\u0131\u011f\u0131na se\u00e7ildi.<\/li><li>21 Haziran 1921 &#8211; Mustafa Kemal, Frans\u0131z el\u00e7isi F. Boullion ile Ankara\u2019da g\u00f6r\u00fc\u015ft\u00fc.<\/li><li>5 A\u011fustos 1921-Mustafa Kemal, Ba\u015fkomutanl\u0131k g\u00f6revine getirildi.<\/li><li>22 A\u011fustos 1921-Mustafa Kemal y\u00f6netiminde Sakarya Meydan Muharebesi ba\u015flad\u0131.<\/li><li>19 Eyl\u00fcl 1921- Mustafa Kemal\u2019e mare\u015fallik r\u00fctbesi ve gazilik \u00fcnvan\u0131 verildi<\/li><li>26-30 A\u011fustos 1922 &#8211; Gazi Mustafa Kemal, Kocatepe\u2019den B\u00fcy\u00fck Taarruz\u2019u y\u00f6netti.<\/li><li>30 A\u011fustos 1922 &#8211; Gazi Mustafa Kemal, Dumlup\u0131nar Ba\u015fkumandanl\u0131k Meydan Sava\u015f\u0131n\u0131 kazand\u0131.<\/li><li>1 Eyl\u00fcl 1922 &#8211; Gazi Mustafa Kemal, \u201cOrdular! ilk hedefiniz Akdeniz\u2019dir,ileri!&#8221; emrini verdi.<\/li><li>10 Eyl\u00fcl 1922 &#8211; Gazi Mustafa Kemal, \u0130zmir\u2019e geldi ve ayn\u0131 g\u00fcn T\u00fcrk ordusu Bursa\u2019y\u0131 d\u00fc\u015fmandan geri ald\u0131.<\/li><li>1 Kas\u0131m 1922 &#8211; Gazi Mustafa Kemal\u2019in \u00f6nerisi ile saltanat\u0131n kald\u0131r\u0131ld\u0131.<\/li><li>14 Ocak 1923 &#8211; Gazi Mustafa Kemal Pa\u015fa\u2019n\u0131n annesi Z\u00fcbeyde Han\u0131m \u0130zmir\u2019de \u00f6ld\u00fc.<\/li><li>20 Ocak 1923 &#8211; Gazi Mustafa Kemal Pa\u015fa Latife Han\u0131m ile evlendi.<\/li><li>17 \u015eubat 1923 &#8211; Gazi Mustafa Kemal\u2019in emriyle \u0130zmir\u2019de ilk kez T\u00fcrkiye \u0130ktisat Kongresi topland\u0131.<\/li><li>24 Temmuz 1923 &#8211; Lozan Bar\u0131\u015f Antla\u015fmas\u0131 imzaland\u0131.<\/li><li>11 A\u011fustos 1923 &#8211; Gazi Mustafa Kemal, II.TBMM ba\u015fkanl\u0131\u011f\u0131na se\u00e7ildi.<\/li><li>29 Ekim 1923 &#8211; Anayasa de\u011fi\u015fikli\u011fi yap\u0131larak Cumhuriyet ilan edildi.<\/li><li>29 Ekim 1923 &#8211; Gazi Mustafa Kemal ilk cumhurba\u015fkan\u0131 se\u00e7ildi.<\/li><li>1 Mart 1924 &#8211; Gazi Mustafa Kemal B\u00fcy\u00fck Millet Meclisi\u2019nde halifeli\u011fi kald\u0131rd\u0131 ve \u00f6\u011fretimin birle\u015ftirilmesi hakk\u0131nda a\u00e7\u0131\u015f nutkunu s\u00f6yledi.<\/li><li>24 A\u011fustos 1924 &#8211; Gazi Mustafa Kemal Kastamonu\u2019da \u015fapka giydi.<\/li><li>14-15 Haziran 1926 &#8211; Mustafa Kemal\u2019e \u0130zmir\u2019de haz\u0131rlanan suikast giri\u015fiminin ortaya \u00e7\u0131kt\u0131.<\/li><li>1 Temmuz 1927 &#8211; Gazi Mustafa Kemal, cumhurba\u015fkan\u0131 s\u0131fat\u0131yla ilk kez \u0130stanbul\u2019a gitti.<\/li><li>1 Kas\u0131m 1927 &#8211; Gazi Mustafa Kemal 2. kez cumhurba\u015fkanl\u0131\u011f\u0131na se\u00e7ildi<\/li><li>9 A\u011fustos 1928 &#8211; Gazi Mustafa Kemal Sarayburnu\u2019nda T\u00fcrk harfleri hakk\u0131nda nutkunu s\u00f6yledi.<\/li><li>12 Nisan 1931 &#8211; Gazi Mustafa Kemal&#8217;in emriyle T\u00fcrk Tarih Kurumu kuruldu.<\/li><li>4 May\u0131s 1931 &#8211; Gazi Mustafa Kemal 3. kez cumhurba\u015fkanl\u0131\u011f\u0131na se\u00e7ildi.<\/li><li>12 Temmuz 1932 &#8211; Gazi Mustafa Kemal T\u00fcrk Dil Kurumunu kurdu.<\/li><li>29 Ekim 1933 &#8211; Gazi Mustafa Kemal, Cumhuriyetin 10. y\u0131ld\u00f6n\u00fcm\u00fcnde tarihi nutkunu s\u00f6yledi.<\/li><li>24 Kas\u0131m 1934 &#8211; Mustafa Kemal\u2019e TBMM taraf\u0131ndan \u201cAtat\u00fcrk\u201d soyad\u0131 verildi.<\/li><li>1 Mart 1935 &#8211; Atat\u00fcrk 4. kez Cumhurba\u015fkanl\u0131\u011f\u0131\u2019na se\u00e7ildi.<\/li><li>5 \u015eubat 1937 &#8211; Atat\u00fcrk alt\u0131 ilkesi anayasaya girdi.<\/li><li>1 May\u0131s 1937 &#8211; Atat\u00fcrk \u00e7iftliklerini hazineye ve ta\u015f\u0131namaz mallar\u0131n\u0131 da Ankara Belediyesine ba\u011f\u0131\u015flad\u0131.<\/li><li>28-29 Ekim &#8211; 1937 Atat\u00fcrk,son kez Ankara\u2019da Cumhuriyet Bayram\u0131 t\u00f6renlerine kat\u0131ld\u0131.<\/li><li>31 Mart 1938 &#8211; Atat\u00fcrk hastal\u0131\u011f\u0131 hakk\u0131nda g\u00fcnl\u00fck resmi duyurular yay\u0131na ba\u015flad\u0131.<\/li><li>10 Kas\u0131m 1938 Atat\u00fcrk vefat etti.<\/li><li>21 Kas\u0131m 1938 Atat\u00fcrk\u2019\u00fcn naa\u015f\u0131 ge\u00e7ici olarak Etnografya M\u00fczesine konuldu.<\/li><li>10 Kas\u0131m 1953 Atat\u00fcrk\u2019\u00fcn naa\u015f\u0131 An\u0131tkabir\u2019e nakledildi.<\/li><\/ul><p><img decoding=\"async\" loading=\"lazy\" class=\"alignnone size-medium wp-image-6372\" src=\"http:\/\/www.yaseminanaokulu.com\/wp-content\/uploads\/2023\/09\/ataturk-2-300x300.jpg\" alt=\"\" width=\"300\" height=\"300\" srcset=\"https:\/\/www.yaseminanaokulu.com\/wp-content\/uploads\/2023\/09\/ataturk-2-300x300.jpg 300w, https:\/\/www.yaseminanaokulu.com\/wp-content\/uploads\/2023\/09\/ataturk-2-1024x1024.jpg 1024w, https:\/\/www.yaseminanaokulu.com\/wp-content\/uploads\/2023\/09\/ataturk-2-150x150.jpg 150w, https:\/\/www.yaseminanaokulu.com\/wp-content\/uploads\/2023\/09\/ataturk-2-1536x1536.jpg 1536w, https:\/\/www.yaseminanaokulu.com\/wp-content\/uploads\/2023\/09\/ataturk-2-2048x2048.jpg 2048w, https:\/\/www.yaseminanaokulu.com\/wp-content\/uploads\/2023\/09\/ataturk-2-100x100.jpg 100w\" sizes=\"(max-width: 300px) 100vw, 300px\" \/><\/p><p><strong>Atat\u00fcrk Diyor ki&#8230;<\/strong><\/p><p><em>Milli Birlik ve Beraberlik<\/em><\/p><p>Millet ve biz yok, birlik halinde millet var! Biz ve millet ayr\u0131 \u015feyler de\u011filiz. Ve \u015funu kesin olarak s\u00f6yleyeyim ki bir millet, varl\u0131\u011f\u0131 ve ba\u011f\u0131ms\u0131zl\u0131\u011f\u0131 i\u00e7in her \u015feye giri\u015fir ve bu ama\u00e7 u\u011frunda her \u00f6zveriyi yaparsa, ba\u015far\u0131l\u0131 olmamas\u0131 m\u00fcmk\u00fcn de\u011fildir. Elbette ba\u015far\u0131l\u0131 olur. Ba\u015far\u0131l\u0131 olamaz ise o millet \u00f6lm\u00fc\u015f demektir. \u015eu halde, millet ya\u015fad\u0131k\u00e7a ve her t\u00fcrl\u00fc \u00f6zveride bulunduk\u00e7a ba\u015far\u0131l\u0131 olamamas\u0131 d\u00fc\u015f\u00fcn\u00fclemez ve b\u00f6yle bir \u015fey s\u00f6z konusu olamaz! (Kaynak: Mazhar M\u00fcfit Kansu, Erzurum\u2019dan \u00d6l\u00fcm\u00fcne Kadar Atat\u00fcrk\u2019le Beraber, c.2 s.346)<\/p><p>Milletin ba\u011f\u0131ms\u0131zl\u0131\u011f\u0131n\u0131, yine milletin gayret ve karar\u0131 kurtaracakt\u0131r. (Kaynak: Nutuk, s.31)<br \/>D\u00fc\u015fman s\u00fcng\u00fcs\u00fc alt\u0131nda milli birlik olamaz. Ancak \u00f6zg\u00fcr vatan topraklar\u0131nda vatansever, \u00f6zverili arkada\u015flar el ele vererek memleketin ba\u011f\u0131ms\u0131zl\u0131\u011f\u0131 ve milletin \u00f6zg\u00fcrl\u00fc\u011f\u00fc i\u00e7in \u00e7al\u0131\u015fabilirler. (Kaynak: Utkan Kocat\u00fcrk, Atat\u00fcrk\u2019\u00fcn Fikir ve D\u00fc\u015f\u00fcnceleri, s. 118)<br \/>Milletimiz \u00e7ok b\u00fcy\u00fckt\u00fcr. O tutsakl\u0131k ve a\u015fa\u011f\u0131l\u0131k kabul etmez. Fakat onu bir araya toplamak ve kendisine \u2018Ey millet! Sen tutsakl\u0131k ve a\u015fa\u011f\u0131l\u0131\u011f\u0131 kabul eder misin?\u2019 diye sormak gerekir. Ben, milletin verece\u011fi cevab\u0131 biliyorum. Ben, milletin b\u00fcy\u00fckl\u00fc\u011f\u00fcn\u00fc biliyor ve bu soru kar\u015f\u0131s\u0131nda onun, o soruyu soran \u00e7ocuklar\u0131n\u0131 can\u0131 gibi sevece\u011fini ve al\u0131nlar\u0131ndan \u00f6pece\u011fini biliyorum. Ben biliyorum ki bu millet, kendisine bu soruyu soran \u00e7ocuklar\u0131n\u0131n, hep bu esasa dayanan \u00e7are ve haz\u0131rl\u0131klar\u0131n\u0131 canla, ba\u015fla, kabul edecektir. (Kaynak: Yunus Nadi Abal\u0131o\u011flu, Ankara\u2019n\u0131n \u0130lk G\u00fcnleri, s. 99)<\/p><p><em>T\u00fcrk Kad\u0131n\u0131<\/em><\/p><p>D\u00fcnyan\u0131n hi\u00e7bir yerinde, hi\u00e7bir milletinde, Anadolu k\u00f6yl\u00fc kad\u0131n\u0131n\u0131n \u00fcst\u00fcnde kad\u0131n \u00e7al\u0131\u015fmas\u0131ndan s\u00f6z etmek imk\u00e2n\u0131 yoktur ve d\u00fcnyada hi\u00e7bir milletin kad\u0131n\u0131 \u2018Ben, Anadolu kad\u0131n\u0131ndan daha fazla \u00e7al\u0131\u015ft\u0131m, milletimi kurtulu\u015fa ve zafere g\u00f6t\u00fcrmekte Anadolu kad\u0131n\u0131ndan daha fazla \u00e7al\u0131\u015ft\u0131m, milletimi kurtulu\u015fa ve zafere g\u00f6t\u00fcrmekte Anadolu kad\u0131n\u0131 kadar emek verdim\u2019 diyemez. (Kaynak: Atat\u00fcrk\u2019\u00fcn S\u00f6ylev ve Deme\u00e7leri, c. 2, s. 147)\u00a0<\/p><p>Kimse ink\u00e2r edemez ki, bu sava\u015fta ve ondan \u00f6nceki sava\u015flarda milletin ya\u015fama yetene\u011fini tutan, hep kad\u0131nlar\u0131m\u0131zd\u0131r. \u00c7ift s\u00fcren, tarlay\u0131 eken, ormandan odunu, keresteyi getiren, mahsul\u00fc pazara g\u00f6t\u00fcrerek paraya \u00e7eviren, aile ocaklar\u0131n\u0131n duman\u0131n\u0131 t\u00fctt\u00fcren, b\u00fct\u00fcn bunlarla beraber, s\u0131rt\u0131yla, ka\u011fn\u0131s\u0131yla, kuca\u011f\u0131ndaki yavrusuyla, ya\u011fmur demeyip, k\u0131\u015f demeyip, s\u0131cak demeyip cephenin sava\u015f gere\u00e7lerini ta\u015f\u0131yan hep onlar, hep o y\u00fcce, o \u00f6zverili, o kutsal Anadolu kad\u0131nlar\u0131 olmu\u015ftur. Bu nedenle hepimiz bu b\u00fcy\u00fck ruhlu ve b\u00fcy\u00fck duygulu kad\u0131nlar\u0131m\u0131z\u0131 g\u00f6n\u00fcl borcu ve te\u015fekk\u00fcrle sonsuza dek anal\u0131m ve kutlayal\u0131m. (Kaynak: Atat\u00fcrk\u2019\u00fcn S\u00f6ylev ve Deme\u00e7leri, c. 2, S.148)\u00a0<\/p><p>\u00a0Bu millet, esas e\u011fitimini aileden almaktad\u0131r. T\u00fcrk milleti \u00f6yle analara sahiptir ki, her d\u00f6nemin b\u00fcy\u00fck adamlar\u0131n\u0131 bu analar yeti\u015ftirmi\u015ftir. T\u00fcrk kad\u0131n\u0131 daha y\u00fcksek ku\u015faklar yeti\u015ftirmeye yeteneklidir. (Enver Behnan \u015eapolyo, Kemal Atat\u00fcrk ve Milli M\u00fccadele Tarihi, s. 529)<\/p><p><em>Milli Egemenlik<\/em><\/p><p>Egemenlik kay\u0131ts\u0131z ve \u015farts\u0131z milletindir. (Atat\u00fcrk\u2019\u00fcn S\u00f6ylev ve Deme\u00e7leri, c. 2, S. 58)\u00a0<\/p><p>Milli egemenlik \u00f6yle bir \u0131\u015f\u0131kt\u0131r ki, onun kar\u015f\u0131s\u0131nda zincirler erir, ta\u00e7 ve tahtlar yanar, yok olur. Milletlerin tutsakl\u0131\u011f\u0131 \u00fczerine kurulmu\u015f kurumlar, her tarafta y\u0131k\u0131lmaya mahk\u00fbmdurlar. (Kaynak: Atat\u00fcrk\u2019\u00fcn Telgraf ve Beyannameleri, s. 82)<br \/>Arkada\u015flar! T\u00fcrkiye Devleti\u2019nde ve T\u00fcrkiye Devleti\u2019ni kuran T\u00fcrkiye halk\u0131nda h\u00fck\u00fcmdar yoktur, diktat\u00f6r yoktur! H\u00fck\u00fcmdar yoktur ve olmayacakt\u0131r; \u00e7\u00fcnk\u00fc olamaz. Yaln\u0131z bir kuvvet vard\u0131r, o da milli egemenliktir. Yaln\u0131z bir makam vard\u0131r, o da milletin kalbi, vicdan\u0131 ve varl\u0131\u011f\u0131d\u0131r. (Kaynak: Atat\u00fcrk\u2019\u00fcn S\u00f6ylev ve Deme\u00e7leri, c. 1, s. 300)\u00a0<br \/>Egemenli\u011fe do\u011frudan do\u011fruya sahip olman\u0131n de\u011ferini pek iyi anlayan ve pek iyi bilen millet, bu kutsal egemenli\u011fe kar\u015f\u0131 belirecek her tehlikeyi yok edecektir. (Kaynak: Atat\u00fcrk\u2019\u00fcn S\u00f6ylev ve Deme\u00e7leri, c. 2, 135)<\/p><p><em>30 A\u011fustos Zaferi Hakk\u0131nda<\/em><\/p><p>Bu zaferi kazanan ben de\u011filim. Bunu as\u0131l, tel \u00f6rg\u00fcleri hi\u00e7e sayarak atlayan, sava\u015f meydan\u0131nda can veren, yaralanan, kendini esirgemeden d\u00fc\u015fman\u0131n \u00fczerine at\u0131larak Akdeniz yolunu T\u00fcrk s\u00fcng\u00fclerine a\u00e7an kahraman askerler kazanm\u0131\u015ft\u0131r. Ne yaz\u0131k ki onlar\u0131n her birinin ad\u0131n\u0131 Kocatepe\u2019nin s\u0131rtlar\u0131na yazmak m\u00fcmk\u00fcn de\u011fildir. Fakat hepsinin ortak bir ad\u0131 vard\u0131r: T\u00fcrk askeri! Tebriklerinizi onlar\u0131n ad\u0131na kabul ediyorum. (Kaynak: Kemal Ar\u0131burnu, Atat\u00fcrk Anekdotlar\u0131, s.120)<\/p><p>Ordular! \u0130lk hedefinizin Akdeniz\u2019dir. \u0130leri! (Kaynak: Atat\u00fcrk\u2019\u00fcn Tamim, Telgraf ve Beyannameleri, s. 449)<\/p><p><em>Lozan Bar\u0131\u015f Antla\u015fmas\u0131 Hakk\u0131nda<\/em><\/p><p>Lozan Bar\u0131\u015f Antla\u015fmas\u0131\u2019n\u0131n i\u00e7ine ald\u0131\u011f\u0131 esaslar\u0131, di\u011fer bar\u0131\u015f teklifleriyle daha fazla kar\u015f\u0131la\u015ft\u0131rmaya gerek olmad\u0131\u011f\u0131 fikrindeyim. Bu antla\u015fma, T\u00fcrk milleti aleyhine, y\u00fczy\u0131llardan beri haz\u0131rlanm\u0131\u015f ve Sevr Antla\u015fmas\u0131\u2019yla tamamland\u0131\u011f\u0131 zannedilmi\u015f b\u00fcy\u00fck bir suikast\u0131n y\u0131k\u0131l\u0131\u015f\u0131n\u0131 ifade eder bir belgedir. (Kaynak: Nutuk, s. 767)<\/p><p><em>Montreaux Bo\u011fazlar S\u00f6zle\u015fmesi Hakk\u0131nda\u00a0<\/em><\/p><p>Bug\u00fcn bayram g\u00fcn\u00fcd\u00fcr. Sevin\u00e7 g\u00fcn\u00fcd\u00fcr. \u00c7\u00fcnk\u00fc Lozan, Montr\u00f6\u2019de ta\u00e7land\u0131r\u0131lm\u0131\u015ft\u0131r. Lozan tamd\u0131r ve taml\u0131\u011f\u0131n\u0131 daima tarihte okutacakt\u0131r. Fakat ona \u00fcz\u00fcnt\u00fc veren ufak bir \u015fey, Bo\u011fazlar vard\u0131. \u0130\u015fte o Montr\u00f6\u2019de \u00e7\u00f6z\u00fcmlenmi\u015ftir. (Kaynak: Utkan Kocat\u00fcrk, Atat\u00fcrk\u2019\u00fcn Fikir ve D\u00fc\u015f\u00fcnceleri, s.170)<\/p><p><em>Cumhuriyet Hakk\u0131nda<\/em><\/p><p>T\u00fcrk milletinin karakterine ve adetlerine en uygun olan y\u00f6netim, cumhuriyet y\u00f6netimidir. (Kaynak: Atat\u00fcrk\u2019\u00fcn S\u00f6ylev ve Deme\u00e7leri, c. 3 s.74)\u00a0<br \/>Cumhuriyet, imk\u00e2n demektir. Cumhuriyet yaln\u0131zca ad\u0131yla bile \u00f6zg\u00fcrl\u00fc\u011f\u00fcn\u00fc a\u015f\u0131layan sihirli bir a\u015f\u0131d\u0131r. G\u00f6r\u00fclecektir ki, cumhuriyet imk\u00e2nlar\u0131 olan her memleket, \u00f6zg\u00fcrl\u00fck davas\u0131nda er ge\u00e7 ba\u015far\u0131l\u0131 olacakt\u0131r. Cumhuriyet, kendisine ba\u011fl\u0131 olanlar\u0131 en ileri a\u015famalara g\u00f6t\u00fcren imk\u00e2nlar\u0131 verir. Ba\u011f\u0131ms\u0131zl\u0131k ve \u00f6zg\u00fcrl\u00fc\u011f\u00fcne sahip olan milletler, ilerleme yolunda imk\u00e2nlara sahip demektirler. O halde cumhuriyet, her alanda ilerlemenin de en belirgin teminat\u0131d\u0131r. Cumhuriyeti bu anlam\u0131yla ve bu kapsam\u0131yla anlamak gerekir. (Atat\u00fcrk\u2019ten Bilinmeyen Hat\u0131ralar, nakleden M\u00fcnir Hayri Egeli, s. 45)<\/p><p><img decoding=\"async\" loading=\"lazy\" class=\"alignnone size-medium wp-image-6373\" src=\"http:\/\/www.yaseminanaokulu.com\/wp-content\/uploads\/2023\/09\/ataturk-3-300x300.jpg\" alt=\"\" width=\"300\" height=\"300\" srcset=\"https:\/\/www.yaseminanaokulu.com\/wp-content\/uploads\/2023\/09\/ataturk-3-300x300.jpg 300w, https:\/\/www.yaseminanaokulu.com\/wp-content\/uploads\/2023\/09\/ataturk-3-1024x1024.jpg 1024w, https:\/\/www.yaseminanaokulu.com\/wp-content\/uploads\/2023\/09\/ataturk-3-150x150.jpg 150w, https:\/\/www.yaseminanaokulu.com\/wp-content\/uploads\/2023\/09\/ataturk-3-1536x1536.jpg 1536w, https:\/\/www.yaseminanaokulu.com\/wp-content\/uploads\/2023\/09\/ataturk-3-2048x2048.jpg 2048w, https:\/\/www.yaseminanaokulu.com\/wp-content\/uploads\/2023\/09\/ataturk-3-100x100.jpg 100w\" sizes=\"(max-width: 300px) 100vw, 300px\" \/><\/p><p><em>T\u00fcrk Devrimi Hakk\u0131nda<\/em><\/p><p>U\u00e7urumun kenar\u0131nda y\u0131k\u0131k bir \u00fclke\u2026 T\u00fcrl\u00fc d\u00fc\u015fmanlarla kanl\u0131 bo\u011fu\u015fmalar\u2026 Y\u0131llarca s\u00fcren sava\u015f\u2026 Ondan sonra, i\u00e7erde ve d\u0131\u015farda sayg\u0131 ile tan\u0131nan yeni vatan, yeni toplum, yeni devlet ve bunlar\u0131 ba\u015farmak i\u00e7in aras\u0131z, devrimler. \u0130\u015fte T\u00fcrk Genel Devrimi\u2019nin k\u0131sa bir ifadesi, (Atat\u00fcrk\u2019\u00fcn S\u00f6ylev ve Deme\u00e7leri, c. 1, s.365)<\/p><p><em>E\u011fitim Hakk\u0131nda<\/em><\/p><p>E\u011fitim ve \u00d6\u011fretim millet olman\u0131n, bay\u0131nd\u0131r bir vatan kurman\u0131n temel \u015fart\u0131d\u0131r. D\u00fcnyan\u0131n, olaca\u011f\u0131na ak\u0131l erdiremedi\u011fi b\u00fcy\u00fck ve milli bir m\u00fccadeleyi ba\u015farm\u0131\u015f olan T\u00fcrkiye, olmaz gibi g\u00f6r\u00fcnen bu \u00f6nemli ve \u00e7ok b\u00fcy\u00fck sava\u015f\u0131 da ba\u015far\u0131s\u0131yla sonu\u00e7land\u0131racakt\u0131r. Bunda kimsenin \u015f\u00fcphesi olmas\u0131n. (Utkan Kocat\u00fcrk, Atat\u00fcrk\u2019\u00fcn Fikir ve D\u00fc\u015f\u00fcnceleri, s. 232)\u00a0<\/p><p>Milletimizin siyasal, toplumsal hayat\u0131nda, milletimizin fikri e\u011fitiminde rehberimiz bilim ve teknik olacakt\u0131r. Okul sayesinde, okulun verece\u011fi bilim ve teknik sayesindedir ki T\u00fcrk milleti, T\u00fcrk sanat\u0131, T\u00fcrk ekonomisi, T\u00fcrk \u015fiir ve edebiyat\u0131 b\u00fct\u00fcn g\u00fczelli\u011fiyle geli\u015fir. (Atat\u00fcrk\u2019\u00fcn S\u00f6ylev ve Deme\u00e7leri, c. 2, s. 43)\u00a0<\/p><p>Bir millet k\u00fclt\u00fcr ordusuna sahip olmad\u0131k\u00e7a, sava\u015f meydanlar\u0131nda ne kadar parlak zaferler elde ederse etsin o zaferlerin s\u00fcrekli sonu\u00e7lar vermesi, ancak k\u00fclt\u00fcr ordusunun varl\u0131\u011f\u0131na ba\u011fl\u0131d\u0131r. Bu ikinci ordu olmadan, birinci ordunun verimli sonu\u00e7lar\u0131 kaybolur. (Utkan Kocat\u00fcrk, Atat\u00fcrk\u2019\u00fcn Fikir ve D\u00fc\u015f\u00fcnceleri, s. 240)\u00a0<\/p><p><em>T\u00fcrk Tarih ve T\u00fcrk Dil Kurumlar\u0131n\u0131n Kurulmas\u0131 Hakk\u0131nda<\/em><\/p><p>T\u00fcrk Tarih ve Dil Kurumlar\u0131n\u0131n, T\u00fcrk milli varl\u0131\u011f\u0131n\u0131 ayd\u0131nlatan \u00e7ok de\u011ferli ve \u00f6nemli birer bilim kurumu niteli\u011fini ald\u0131\u011f\u0131n\u0131 g\u00f6rmek, hepimizi sevindirici bir olayd\u0131r. Tarih Kurumu, yapt\u0131\u011f\u0131 kongre, kurdu\u011fu sergi, yurt i\u00e7indeki kaz\u0131lar, ortaya \u00e7\u0131kard\u0131\u011f\u0131 eserlerle \u015fimdiden b\u00fct\u00fcn bilim d\u00fcnyas\u0131na k\u00fclt\u00fcrel g\u00f6revini yapmaya ba\u015flam\u0131\u015f bulunuyor. 1937 (Kaynak: Atat\u00fcrk\u2019\u00fcn S\u00f6ylev ve Deme\u00e7leri, c. 1, s. 386)\u00a0<\/p><p><em>Harf \u0130nk\u0131lab\u0131 Hakk\u0131nda<\/em><\/p><p>Her leyden evvel, her geli\u015fmenin ilk yap\u0131 ta\u015f\u0131 olan soruna de\u011finmek isterim. Her ara\u00e7ta evvel, b\u00fcy\u00fck T\u00fcrk milletine kolay bir okuma yazma anahtar\u0131 vermek gerekir. B\u00fcy\u00fck T\u00fcrk milleti, bilgisizlikten, az emekle k\u0131sa yoldan, ancak kendi g\u00fczel ve soylu diline kolay uyan b\u00f6yle bir ara\u00e7 ile s\u0131yr\u0131labilir. Bu okuma yazma anahtar\u0131, ancak Latin esas\u0131ndan al\u0131nan T\u00fcrk alfabesidir. Basit bir deneyim, Latin esas\u0131ndan al\u0131nan T\u00fcrk harflerinin, T\u00fcrk diline ne kadar uygun oldu\u011funu, \u015fehirde ve k\u00f6yde ya\u015f\u0131 ilerlemi\u015f T\u00fcrk \u00e7ocuklar\u0131n\u0131n ne kadar kolay okuyup yazd\u0131klar\u0131n\u0131 g\u00fcne\u015f gibi meydana \u00e7\u0131karm\u0131\u015ft\u0131r. 1928 (Atat\u00fcrk\u2019\u00fcn S\u00f6ylev ve Deme\u00e7leri, c. 1, s. 345)\u00a0<\/p><p>T\u00fcrk harflerinin kabul\u00fcyle hepimize, bu memleketin b\u00fct\u00fcn vatan\u0131n\u0131 seven yeti\u015fkin evlatlar\u0131na \u00f6nemli bir g\u00f6rev d\u00fc\u015f\u00fcyor. Bu g\u00f6rev, milletimizin toptan okuyup yazmak i\u00e7in g\u00f6sterdi\u011fi istek ve a\u015fka ger\u00e7ekten hizmet ve yard\u0131m etmektir. (Utkan Kocat\u00fcrk, Atat\u00fcrk\u2019\u00fcn Fikir ve D\u00fc\u015f\u00fcnceleri, s. 259)<\/p><p><em>Cumhuriyet\u00e7ilik \u0130lkesi Hakk\u0131nda<\/em><\/p><p>T\u00fcrk milletinin karakter ve adetlerine en uygun olan idare cumhuriyet idaresidir.\u201d (1924)<\/p><p>\u201cBug\u00fcnk\u00fc h\u00fck\u00fbmetimiz, devlet te\u015fkilat\u0131m\u0131z do\u011frudan do\u011fruya milletin kendi kendine, kendili\u011finden yapt\u0131\u011f\u0131 bir devlet te\u015fkilat\u0131 ve h\u00fck\u00fbmetidir ki, onun ismi Cumhuriyet\u2019tir. Art\u0131k h\u00fck\u00fbmet ile millet aras\u0131nda mazideki ayr\u0131l\u0131k kalmam\u0131\u015ft\u0131r. H\u00fck\u00fbmet millettir, millet h\u00fck\u00fbmettir. Art\u0131k h\u00fck\u00fbmet ve h\u00fck\u00fbmet mensuplar\u0131, kendilerinin milletten ayr\u0131 olmad\u0131klar\u0131 ve milletin efendi oldu\u011funu tamamen anlam\u0131\u015flard\u0131r.\u201d (1925)<\/p><p>\u201cCumhuriyet y\u00fcksek ahlaki de\u011fer ve niteliklere dayanan bir idaredir. Cumhuriyet fazilettir. Cumhuriyet idaresi, faziletli ve namuslu insanlar yeti\u015ftirir.\u201d (1925)<\/p><p>\u201cBenim na\u00e7iz v\u00fccudum bir g\u00fcn elbet toprak olacakt\u0131r, fakat T\u00fcrkiye Cumhuriyeti ilelebet payidar kalacakt\u0131r.\u201d (1926)<\/p><p>\u00a0\u201cMill\u00ee azim ve bilincin k\u0131ymetli eseri olan de\u011ferli Cumhuriyetin bug\u00fcnk\u00fc ve yar\u0131nki neslin demir ellerinde her an y\u00fckselip sa\u011flamla\u015faca\u011f\u0131na g\u00fcvenim tamd\u0131r\u201d (1927)<br \/>\u201cCumhuriyet\u2019in i\u00e7 siyaseti vatanda\u015f\u0131n ya\u015fay\u0131\u015f\u0131n\u0131 hi\u00e7bir etki, bask\u0131 ve sata\u015fman\u0131n tesirinde b\u0131rakmaks\u0131z\u0131n sa\u011flamakt\u0131r.\u201d (1929)<\/p><p>\u201cYolunda \u00e7al\u0131\u015ft\u0131\u011f\u0131m\u0131z b\u00fcy\u00fck kutsal ideali halk\u0131n kalbinde bir fikir h\u00e2linden bir his h\u00e2line getirmelisiniz. Demokrasinin ne oldu\u011funu halka anlatmak, madde madde a\u00e7\u0131klamak laz\u0131md\u0131r. Cumhuriyeti, onun gereklerini y\u00fcksek sesle anlat\u0131n\u0131z. Onlara cumhuriyet prensiplerini sevdiriniz. Bunu kalplere yerle\u015ftirmek i\u00e7in hi\u00e7bir f\u0131rsat\u0131 ka\u00e7\u0131rmay\u0131n\u0131z.\u201d (1930)<\/p><p>\u201cDemokrasi prensibinin, en modern ve mant\u0131ki uygulanmas\u0131n\u0131 sa\u011flayan h\u00fck\u00fbmet \u015fekli, cumhuriyettir.\u201d (1930)<\/p><p>\u201cCumhuriyet rejimi demek, demokrasi sistemiyle devlet \u015fekli demektir. Biz Cumhuriyet\u2019i kurduk; o, on ya\u015f\u0131n\u0131 doldururken demokrasinin b\u00fct\u00fcn icaplar\u0131n\u0131 s\u0131ras\u0131 geldik\u00e7e uygulamaya koymal\u0131d\u0131r.\u201d (1933)<\/p><p>\u201cCumhuriyet, yeni ve sa\u011flam esaslar\u0131yla, T\u00fcrk milletini emin ve sa\u011flam bir istikbal yoluna koydu\u011fu kadar, as\u0131l fikirlerde ve ruhlarda yaratt\u0131\u011f\u0131 g\u00fcvenlik itibar\u0131yla, b\u00fcsb\u00fct\u00fcn yeni bir hayat\u0131n m\u00fcjdecisi olmu\u015ftur.\u201d (1936)<\/p><p>Efendiler, vatan\u0131n birli\u011fini, h\u00fcrriyet ve istikl\u00e2lini temin eden milletimizi Cumhuriyet idaresine kavu\u015fturan ink\u0131l\u00e2b\u0131m\u0131z; iktisadi refah ve saadetimizi, medeniyet \u00e2leminde l\u00e2y\u0131k oldu\u011fumuz yeri de temin edecektir.\u201d (16.09.1924, Trabzonlularla Konu\u015fma)<\/p><p><em>Milliyet\u00e7ilik \u0130lkesi\u00a0Hakk\u0131nda<\/em><\/p><p>\u201cT\u00fcrkiye Cumhuriyeti&#8217;ni kuran T\u00fcrk halk\u0131na T\u00fcrk Milleti denir.\u201d (1930)\u00a0<br \/>&#8220;Bilelim ki mill\u00ee benli\u011fini bilmeyen milletler ba\u015fka milletlere yem olurlar.&#8221; (Nutuk, 15-20 Ekim 1927)<\/p><p>&#8220;Biz do\u011frudan do\u011fruya millet severiz ve T\u00fcrk milliyet\u00e7isiyiz. Cumhuriyetimizin dayana\u011f\u0131 T\u00fcrk toplulu\u011fudur.&#8221; (Nutuk, 15-20 Ekim 1927)<\/p><p>&#8220;Diyarbak\u0131rl\u0131, Vanl\u0131, Erzurumlu, Trabzonlu, \u0130stanbullu, Trakyal\u0131 ve Makedonyal\u0131, hep ayn\u0131 cevherin damarlar\u0131d\u0131r. Bu damarlar, birbirini tan\u0131s\u0131n. T\u00fcrk milletinin toplumsal d\u00fczenini bozmaya y\u00f6nelik \u00e7abalar bo\u011fulmaya mahk\u00fbmdur. T\u00fcrk milleti kendinin ve memleketinin y\u00fcksek menfaatleri aleyhine \u00e7al\u0131\u015fmak isteyen bozguncu, al\u00e7ak, vatans\u0131z ve milliyetsiz beyinsizlerin sa\u00e7malamalar\u0131ndaki gizli ve kirli emelleri anlamayacak ve onlara ho\u015fg\u00f6r\u00fc g\u00f6sterecek bir topluluk de\u011fildir.&#8221; (8 Eyl\u00fcl 1932)<\/p><p><em>Halk\u00e7\u0131l\u0131k\u00a0\u0130lkesi\u00a0Hakk\u0131nda<\/em><\/p><p>\u201c\u0130\u00e7 siyasetimizde ilkemiz olan halk\u00e7\u0131l\u0131k, yani milletin bizzat kendi gelece\u011fine sahip olmas\u0131 esas\u0131 Anayasam\u0131z ile tespit edilmi\u015ftir.\u201d (1921)\u00a0<br \/>\u201cHalk\u00e7\u0131l\u0131k, toplum d\u00fczenini \u00e7al\u0131\u015fmaya, hukuka dayand\u0131rmak isteyen bir toplum sistemidir.\u201d (1921)\u00a0<\/p><p>\u201cT\u00fcrkiye Cumhuriyeti halk\u0131n\u0131 ayr\u0131 ayr\u0131 s\u0131n\u0131flardan olu\u015fmu\u015f de\u011fil fakat ki\u015fisel ve sosyal hayat i\u00e7in i\u015fb\u00f6l\u00fcm\u00fc itibariyle \u00e7e\u015fitli mesleklere ayr\u0131lm\u0131\u015f bir toplum olarak g\u00f6rmek esas prensiplerimizdendir.\u201d (1923)<\/p><p>\u201cBizim g\u00f6r\u00fc\u015f\u00fcm\u00fcz-ki halk\u00e7\u0131l\u0131kt\u0131r\u2013 kuvvetin, kudretin, egemenli\u011fin, y\u00f6netimin do\u011frudan do\u011fruya halka verilmesidir, halk\u0131n elinde bulundurulmas\u0131d\u0131r.\u201d (17. 07. 1920, T.B.M.M)<\/p><p><em>Devlet\u00e7ilik\u00a0\u0130lkesi\u00a0Hakk\u0131nda<\/em><\/p><p>\u201cDevlet\u00e7ili\u011fin bizce anlam\u0131 \u015fudur: Ki\u015filerin \u00f6zel te\u015febb\u00fcslerini ve \u015fahs\u00ee faaliyetlerini esas tutmak; fakat b\u00fcy\u00fck bir milletin ihtiya\u00e7lar\u0131n\u0131 ve \u00e7ok \u015feylerin yap\u0131lmad\u0131\u011f\u0131n\u0131 g\u00f6z \u00f6n\u00fcnde tutarak, memleket ekonomisini devletin eline almak.\u201d (1936)\u00a0<\/p><p>\u201cPrensip olarak, devlet ferdin yerine ge\u00e7memelidir. Fakat ferdin geli\u015fmesi i\u00e7in genel \u015fartlar\u0131 g\u00f6z \u00f6n\u00fcnde bulundurmal\u0131d\u0131r.\u201d (1930)\u00a0<\/p><p>\u201cKesin zaruret olmad\u0131k\u00e7a, piyasalara kar\u0131\u015f\u0131lmaz; bununla beraber, hi\u00e7bir piyasa da ba\u015f\u0131bo\u015f de\u011fildir.\u201d (1937)<\/p><p><em>Laiklik\u00a0\u0130lkesi\u00a0Hakk\u0131nda<\/em><\/p><p>\u201cL\u00e2iklik, yaln\u0131z din ve d\u00fcnya i\u015flerinin ayr\u0131lmas\u0131 demek de\u011fildir. B\u00fct\u00fcn yurtta\u015flar\u0131n vicdan, ibadet ve din h\u00fcrriyeti de demektir.\u201d (1930)\u00a0<\/p><p>\u201cL\u00e2iklik, asla dinsizlik olmad\u0131\u011f\u0131 gibi, sahte dindarl\u0131k ve b\u00fcy\u00fcc\u00fcl\u00fckle m\u00fccadele kap\u0131s\u0131n\u0131 a\u00e7t\u0131\u011f\u0131 i\u00e7in, ger\u00e7ek dindarl\u0131\u011f\u0131n geli\u015fmesi imk\u00e2n\u0131n\u0131 temin etmi\u015ftir.\u201d (1930)\u00a0<\/p><p>\u201cDin bir vicdan meselesidir. Herkes vicdan\u0131n\u0131n emrine uymakta serbesttir. Biz dine sayg\u0131 g\u00f6steririz. D\u00fc\u015f\u00fcn\u00fc\u015fe ve d\u00fc\u015f\u00fcnceye kar\u015f\u0131 de\u011filiz. Biz sadece din i\u015flerini, millet ve devlet i\u015fleriyle kar\u0131\u015ft\u0131rmamaya \u00e7al\u0131\u015f\u0131yor, kas\u0131t ve fiile dayanan tutucu hareketlerden sak\u0131n\u0131yoruz.\u201d (1926)<\/p><p><em>\u0130nk\u0131lap\u00e7\u0131l\u0131k \u0130lkesi<\/em><\/p><p>T\u00fcrk ulusu \u00e7ok b\u00fcy\u00fck olaylarla ispat etti ki, yenilik\u00e7i ve devrimci bir ulustur. Son senelerden \u00f6nceki devirlerde de ulusumuz yenile\u015fme yollar\u0131 \u00fczerinde y\u00fcr\u00fcmeye, sosyal devrime giri\u015fmemi\u015f de\u011fildir. Ama ger\u00e7ek yararlar g\u00f6r\u00fclemedi. Bunun sebebin ara\u015ft\u0131rd\u0131n\u0131z m\u0131? Bu sebep i\u015fe esas\u0131ndan, temelinden ba\u015flanmam\u0131\u015f olmas\u0131d\u0131r. 30.08.1925, Kastamonu.<\/p><p>Gezdi\u011fim ve g\u00f6rd\u00fc\u011f\u00fcm her yerde millet, bilgisizlik ve taassuba harp il\u00e2n\u0131 halindedir. Medeniyet ve yenilik yolunda bir an kaybetmeye izni yoktur. Pasl\u0131 beyinlerin \u015fuursuz s\u00f6zleri, anide milletin m\u00fc\u015fterek ve m\u00fcthi\u015f \u00f6fkesiyle bunalmaktad\u0131r. Bunu g\u00f6zlerimle g\u00f6rd\u00fcm. 1924 (Atat\u00fcrk\u2019\u00fcn S\u00f6ylev ve Deme\u00e7leri, c1,\u00a0 s. 149)<\/p><p>Bug\u00fcne kadar elde etti\u011fimiz ba\u015far\u0131, bize ancak ilerleme ve medeniyete do\u011fru bir yol a\u00e7m\u0131\u015ft\u0131r; yoksa ilerleme ve medeniyete hen\u00fcz ula\u015f\u0131lm\u0131\u015f de\u011fildir. Bize ve torunlar\u0131m\u0131za d\u00fc\u015fen vazife, bu yol \u00fczerinde teredd\u00fcts\u00fcz y\u00fcr\u00fcmektir. 1923 (Atat\u00fcrk\u2019\u00fcn S.D.I, S. 307)<\/p><p>\u201cZafer \u00abZafer benimdir\u00bb diyebilenindir; ba\u015far\u0131 \u00abba\u015far\u0131l\u0131 olaca\u011f\u0131m\u00bb diye ba\u015flayan\u0131n ve \u00abba\u015far\u0131l\u0131 oldum\u00bb diyebilenindir.\u201d(Konya, 1925)<\/p><p>\u201cMillete gidece\u011fi yolu g\u00f6sterirken d\u00fcnyan\u0131n her t\u00fcrl\u00fc ilminden, ke\u015fiflerinden, geli\u015fmelerinden yararlanal\u0131m, ama unutmayal\u0131m ki, as\u0131l temeli kendi i\u00e7imizden \u00e7\u0131karmak zorunday\u0131z.\u201d (1923, Konya) (Atat\u00fcrk\u2019\u00fcn S\u00f6ylev ve Deme\u00e7leri, Atat\u00fcrk Ara\u015ft\u0131rma Merkezi, C. II, Ankara, 1997, s. 145)<\/p><p>\u201cYapt\u0131\u011f\u0131m\u0131z ve yapmakta oldu\u011fumuz ink\u0131l\u00e2plar\u0131n, (devrimlerin) gayesi T\u00fcrkiye Cumhuriyeti halk\u0131n\u0131 tamamen \u00e7a\u011fda\u015f ve b\u00fct\u00fcn anlam ve g\u00f6r\u00fc\u015fleriyle uygar bir toplum haline ula\u015ft\u0131rmakt\u0131r.\u201d (1925)\u00a0<br \/>\u201cBiz b\u00fcy\u00fck bir ink\u0131l\u00e2p yapt\u0131k. Memleketi bir \u00e7a\u011fdan al\u0131p yeni bir \u00e7a\u011fa g\u00f6t\u00fcrd\u00fck.\u201d (1925)<\/p><p><em><img decoding=\"async\" loading=\"lazy\" class=\"alignnone size-medium wp-image-6374\" src=\"http:\/\/www.yaseminanaokulu.com\/wp-content\/uploads\/2023\/09\/ataturk-4-300x300.jpg\" alt=\"\" width=\"300\" height=\"300\" srcset=\"https:\/\/www.yaseminanaokulu.com\/wp-content\/uploads\/2023\/09\/ataturk-4-300x300.jpg 300w, https:\/\/www.yaseminanaokulu.com\/wp-content\/uploads\/2023\/09\/ataturk-4-1024x1024.jpg 1024w, https:\/\/www.yaseminanaokulu.com\/wp-content\/uploads\/2023\/09\/ataturk-4-150x150.jpg 150w, https:\/\/www.yaseminanaokulu.com\/wp-content\/uploads\/2023\/09\/ataturk-4-1536x1536.jpg 1536w, https:\/\/www.yaseminanaokulu.com\/wp-content\/uploads\/2023\/09\/ataturk-4-2048x2048.jpg 2048w, https:\/\/www.yaseminanaokulu.com\/wp-content\/uploads\/2023\/09\/ataturk-4-100x100.jpg 100w\" sizes=\"(max-width: 300px) 100vw, 300px\" \/><br \/>Milli M\u00fccadele Hakk\u0131nda<\/em><\/p><p>Birinci \u0130n\u00f6n\u00fc Meydan Muharebesi, ink\u0131l\u00e2p tarihimizin \u00e7ok m\u00fchim, \u00e7ok verimli bir sayfas\u0131d\u0131r. Gelecek nesiller ve b\u00fct\u00fcn d\u00fcnya bu sayfay\u0131 ara\u015ft\u0131r\u0131p inceledik\u00e7e, T\u00fcrk ink\u0131l\u00e2b\u0131n\u0131 yapan bug\u00fcnk\u00fc T\u00fcrk ordusunu ve bu orduyu ba\u011fr\u0131ndan \u00e7\u0131karan bug\u00fcnk\u00fc T\u00fcrk toplulu\u011funu, elbette sayg\u0131 ile anacak ve takdir edecektir. 1925 (Atat\u00fcrk\u2019\u00fcn S.D. II, s. 205)<\/p><p>\u201cBa\u015far\u0131, t\u00fcm ulusun azim ve inanc\u0131yla \u00e7abas\u0131n\u0131 birle\u015ftirmesi sonucu kazan\u0131labilir.\u201d(1921, \u0130zmir) (Atat\u00fcrk\u2019\u00fcn S\u00f6ylev ve Deme\u00e7leri, Atat\u00fcrk Ara\u015ft\u0131rma Merkezi, CII, Ankara,1997, s80-81)<\/p><p>\u201cD\u00fcnya bir s\u0131nav alan\u0131d\u0131r S\u0131navda ba\u015far\u0131l\u0131 olmadan iyiliksever davran\u0131\u015flar beklemek bo\u015funad\u0131r.\u201d(\u00c2FET \u0130NAN, A, Atat\u00fcrk Hakk\u0131nda Hat\u0131ralar ve Belgeler, \u0130\u015f Bankas\u0131 Yay\u0131nlar\u0131, s3)<\/p><p><em>Milli E\u011fitim Hakk\u0131nda<\/em><\/p><p>Milli e\u011fitimin ne demek oldu\u011funu bilmekte art\u0131k bir kar\u0131\u015f\u0131kl\u0131k ve yanl\u0131\u015f anlama olmamal\u0131d\u0131r. Bir de milli e\u011fitim esas olduktan sonra onun dilini, usul\u00fcn\u00fc, vas\u0131talar\u0131n\u0131 da ulusal yapmak zorunlulu\u011funu tart\u0131\u015fmak gereksizdir. Milli e\u011fitim ile geli\u015ftirilmek ve y\u00fckseltilmek istenen gen\u00e7 beyinleri bir taraftan da pasland\u0131r\u0131c\u0131, uyu\u015fturucu, hayali fazlal\u0131klarla doldurmaktan dikkatle ka\u00e7\u0131nmak laz\u0131md\u0131r. (1924, Samsun) (Atat\u00fcrk\u2019\u00fcn S\u00f6ylev ve Deme\u00e7leri, Atat\u00fcrk Ara\u015ft\u0131rma Merkezi, C. II, Ankara, 1997, s. 202-206)<\/p><p><em>T\u00fcrk\u00e7e Hakk\u0131nda<\/em><\/p><p>Milliyetin \u00e7ok a\u00e7\u0131k niteliklerinden biri dildir. T\u00fcrk Milletindenim diyen insan, her \u015feyden \u00f6nce ve mutlaka T\u00fcrk\u00e7e konu\u015fmal\u0131d\u0131r. T\u00fcrk\u00e7e konu\u015fmayan bir insan T\u00fcrk d\u00fc\u015f\u00fcncesine ba\u011fl\u0131 oldu\u011funu iddia ederse, buna inanmak do\u011fru olmaz. (\u00d6nder Mehmet, Atat\u00fcrk\u2019\u00fcn Yurt Gezileri, T\u00fcrkiye \u0130\u015f Bankas\u0131 K\u00fclt\u00fcr yay\u0131nlar\u0131, Ankara, 1998, s.8)<\/p><p><em>Tarih Hakk\u0131nda<\/em><\/p><p>\u201cTarih yazmak, tarih yapmak kadar m\u00fchimdir. Yazan yapana sad\u0131k kalmazsa de\u011fi\u015fmeyen hakikat, insanl\u0131\u011f\u0131 \u015fa\u015f\u0131rtacak bir mahiyet al\u0131r\u201d <br \/>\u201cHerhangi bir tarihi elinize ald\u0131\u011f\u0131n\u0131z zaman onun ger\u00e7e\u011fe uygun olup olmad\u0131\u011f\u0131na g\u00fcven duymak i\u00e7in dayand\u0131\u011f\u0131 kaynak ve belgeleri ara\u015ft\u0131r\u0131l\u0131r. Bizim \u015fimdiye kadar do\u011fru bir mill\u00ee tarihe malik olamay\u0131\u015f\u0131m\u0131z\u0131n sebebi tarihlerimizin, hakik\u00ee okuyucular\u0131n belgelere dayanmaktan ziyade ya birtak\u0131m meddahlar\u0131n veya birtak\u0131m kendim be\u011fenmi\u015flerin hakikat ve mant\u0131ktan uzak s\u00f6zlerinden ba\u015fka kaynak bulamamak bedbahtl\u0131\u011f\u0131d\u0131r\u201d<\/p>\t\t\t\t\t<\/div>\n\t\t\t\t\t\t<\/div>\n\t\t\t\t<\/div>\n\t\t\t\t\t\t<\/div>\n\t\t\t\t\t<\/div>\n\t\t<\/div>\n\t\t\t\t\t\t\t\t<\/div>\n\t\t\t\t\t<\/div>\n\t\t<\/section>\n\t\t\t\t\t\t\t\t\t<\/div>\n\t\t\t<\/div>\n\t\t\t\t\t<\/div>\n\t\t","protected":false},"excerpt":{"rendered":"<p>Bir Kahraman\u0131n Kronolojisi 1881 &#8211; Mustafa Kemal Atat\u00fcrk Selanik\u2019te do\u011fdu. 1886-\u00a0 Mustafa Kemal \u015eemsi Efendi Okuluna ba\u015flad\u0131. 1893 &#8211; Mustafa Kemal Selanik Asker\u00ee R\u00fc\u015ftiyesine ba\u015flad\u0131. 13 Mart 1896 &#8211; Mustafa Kemal Manast\u0131r Asker\u00ee \u0130dadisine girdi. 13 Mart 1899 &#8211; Mustafa Kemal Harp Okuluna ba\u015flad\u0131. 10 \u015eubat 1902 &#8211; Mustafa Kemal Harp Akademisine girmesi ve burada gazete \u00e7\u0131kard\u0131. 11 Ocak 1905 -Mustafa Kemal Harp Akademisinden Kurmay Y\u00fczba\u015f\u0131 olarak mezun oldu. 5 \u015eubat 1905 Mustafa Kemal \u015eam\u2019da bulunan 5. Ordu&#8217;ya ba\u011fl\u0131 30. S\u00fcvari Alay\u0131na atand\u0131. Ekim 1906 -Mustafa Kemal arkada\u015flar\u0131yla Vatan ve H\u00fcrriyet Cemiyetini kurdu, top\u00e7u staj\u0131n\u0131 yapt\u0131, Kola\u011fas\u0131 oldu. 23 Temmuz 1908 &#8211; Mustafa Kemal Me\u015frutiyet\u2019in ilan\u0131 i\u00e7in \u00e7al\u0131\u015fmaya ba\u015flad\u0131. 23 Nisan 1909 &#8211; Mustafa Kemal 31 Mart Olay\u0131nda Harek\u00e2t Ordusu Kurmay Ba\u015fkan\u0131 olarak \u0130stanbul\u2019da g\u00f6rev ald\u0131. 5 Ekim 1911 &#8211; Mustafa Kemal Tobruk ve Derne\u2019de \u0130talyanlara kar\u015f\u0131 Trablusgarp Sava\u015f\u0131\u2019na kat\u0131ld\u0131, Tobruk ve Derne sald\u0131r\u0131s\u0131n\u0131 y\u00f6netti, bu sald\u0131r\u0131da g\u00f6z\u00fcnden yaraland\u0131. 27 Ekim 1913 &#8211; Mustafa Kemal Sofya Ata\u015femiliterli\u011fi&#8217;ne atand\u0131. 1 Mart 1914 &#8211; Mustafa Kemal Yarbayl\u0131\u011fa y\u00fckseltildi. 2 \u015eubat 1915 &#8211; Mustafa Kemal\u2019in Eceabad\u2019ta (Maydos) bulunan 19. T\u00fcmen Komutanl\u0131\u011f\u0131na atand\u0131. 8-9 A\u011fustos 1915 -Mustafa Kemal Anafartalar Komutanl\u0131\u011f\u0131na atand\u0131. 17 A\u011fustos 1915 &#8211; Mustafa Kemal Kire\u00e7tepe Zaferi\u2019ni kazand\u0131. 21 A\u011fustos 1915 -Mustafa Kemal \u0130kinci Anafartalar Zaferi\u2019ni kazand\u0131. 1 Nisan 1916 &#8211; Mustafa Kemal Tu\u011fgeneralli\u011fe y\u00fckseldi 6 A\u011fustos 1916 &#8211; Mustafa Kemal, Bitlis ve Mu\u015f\u2019u d\u00fc\u015fman elinden kurtard\u0131. 15 Aral\u0131k 1917 &#8211; Mustafa Kemal Veliaht Vahdettin ile Almanya\u2019ya gitti. 31 Ekim 1918 &#8211; Mustafa Kemal Y\u0131ld\u0131r\u0131m Ordular\u0131 Komutan\u0131 oldu. 13 Kas\u0131m 1918 &#8211; Mustafa Kemal Istanbul\u2019a d\u00f6nd\u00fc. 16 May\u0131s 1919 Mustafa Kemal Band\u0131rma Vapuru ile Istanbul\u2019dan ayr\u0131ld\u0131. 19 May\u0131s 1919 &#8211; Mustafa Kemal 9. Ordu M\u00fcfetti\u015fi olarak Samsun\u2019a \u00e7\u0131kt\u0131. 21 Haziran 1919 -Mustafa Kemal ulusal g\u00fc\u00e7leri Sivas Kongresi\u2019ne \u00e7a\u011f\u0131rd\u0131. 8-9 Temmuz 1919 &#8211; Mustafa Kemal askerlik g\u00f6revinden istifa etti. 23 Temmuz 1919 &#8211; Mustafa Kemal Erzurum Kongresi\u2019ni toplad\u0131 ve Temsil Heyeti se\u00e7ildi. 4 Eyl\u00fcl 1919 &#8211; Sivas Kongresi\u2019nin topland\u0131 ve Mustafa Kemal Kongre Ba\u015fkanl\u0131\u011f\u0131na se\u00e7ildi. 11 Eyl\u00fcl 1919 &#8211; Mustafa Kemal, Anadolu ve Rumeli M\u00fcdafa-i Hukuk Cemiyeti Temsil Heyeti Ba\u015fkanl\u0131\u011f\u0131\u2019na se\u00e7ildi 20-22 Ekim 1919 &#8211; Amasya G\u00f6r\u00fc\u015fmelerini ger\u00e7ekle\u015ftirdi. 7 Kas\u0131m 1919 &#8211; Mustafa Kemal Erzurum\u2019dan milletvekili se\u00e7ildi. 27 Aral\u0131k 1919 &#8211; Mustafa Kemal Temsil Heyeti ile Ankara\u2019ya geldi. 19 Mart 1919- Mustafa Kemal taraf\u0131ndan Ankara\u2019da \u00fcst\u00fcn yetkiyi ta\u015f\u0131yan bir Millet Meclisi toplanmas\u0131 duyurusunun yap\u0131ld\u0131. 23 Nisan 1920- Mustafa Kemal Ankara\u2019da B\u00fcy\u00fck Millet Meclisini a\u00e7t\u0131. 24 Nisan 1920-Mustafa Kemal B\u00fcy\u00fck Millet Meclisi Ba\u015fkanl\u0131\u011f\u0131&#8217;na se\u00e7ildi. 5 May\u0131s 1920- Mustafa Kemal\u2019in ba\u015fkanl\u0131\u011f\u0131nda ilk H\u00fck\u00fcmet topland\u0131. 6-10 Ocak 1921 &#8211; I. \u0130n\u00f6n\u00fc Sava\u015f\u0131\u2019n\u0131n yap\u0131lmas\u0131, Mustafa Kemal\u2019in \u0130n\u00f6n\u00fc\u2019ye \u201c\u2026Bu ba\u015far\u0131n\u0131n kutsal topraklar\u0131m\u0131z\u0131 d\u00fc\u015fman istil\u00e2s\u0131ndan tamamiyle kurtaracak olan kesin zafere bir hay\u0131rl\u0131 ba\u015flang\u0131\u00e7 olmas\u0131n\u0131 Allah\u2019dan dilerim.\u201d telgraf\u0131n\u0131 \u00e7ekti. 26 Mart \/1 Nisan 1921 &#8211; II. \u0130n\u00f6n\u00fc Sava\u015f\u0131\u2019n\u0131n yap\u0131lmas\u0131, Mustafa Kemal\u2019in ismet \u0130n\u00f6n\u00fc\u2019ye \u201cSiz orada yaln\u0131zca d\u00fc\u015fman\u0131 de\u011fil ulusun makus talihini de yendiniz\u201d telgraf\u0131n\u0131 \u00e7ekti. 10 May\u0131s 1921 &#8211; Mustafa Kemal&#8217;in \u00f6nerisiyle, TBMM\u2019de \u201cAnadolu ve Rumeli M\u00fbdafaa-i Hukuk Grubu\u201d kuruldu. Mustafa Kemal, bu grubun ba\u015fkanl\u0131\u011f\u0131na se\u00e7ildi. 21 Haziran 1921 &#8211; Mustafa Kemal, Frans\u0131z el\u00e7isi F. Boullion ile Ankara\u2019da g\u00f6r\u00fc\u015ft\u00fc. 5 A\u011fustos 1921-Mustafa Kemal, Ba\u015fkomutanl\u0131k g\u00f6revine getirildi. 22 A\u011fustos 1921-Mustafa Kemal y\u00f6netiminde Sakarya Meydan Muharebesi ba\u015flad\u0131. 19 Eyl\u00fcl 1921- Mustafa Kemal\u2019e mare\u015fallik r\u00fctbesi ve gazilik \u00fcnvan\u0131 verildi 26-30 A\u011fustos 1922 &#8211; Gazi Mustafa Kemal, Kocatepe\u2019den B\u00fcy\u00fck Taarruz\u2019u y\u00f6netti. 30 A\u011fustos 1922 &#8211; Gazi Mustafa Kemal, Dumlup\u0131nar Ba\u015fkumandanl\u0131k Meydan Sava\u015f\u0131n\u0131 kazand\u0131. 1 Eyl\u00fcl 1922 &#8211; Gazi Mustafa Kemal, \u201cOrdular! ilk hedefiniz Akdeniz\u2019dir,ileri!&#8221; emrini verdi. 10 Eyl\u00fcl 1922 &#8211; Gazi Mustafa Kemal, \u0130zmir\u2019e geldi ve ayn\u0131 g\u00fcn T\u00fcrk ordusu Bursa\u2019y\u0131 d\u00fc\u015fmandan geri ald\u0131. 1 Kas\u0131m 1922 &#8211; Gazi Mustafa Kemal\u2019in \u00f6nerisi ile saltanat\u0131n kald\u0131r\u0131ld\u0131. 14 Ocak 1923 &#8211; Gazi Mustafa Kemal Pa\u015fa\u2019n\u0131n annesi Z\u00fcbeyde Han\u0131m \u0130zmir\u2019de \u00f6ld\u00fc. 20 Ocak 1923 &#8211; Gazi Mustafa Kemal Pa\u015fa Latife Han\u0131m ile evlendi. 17 \u015eubat 1923 &#8211; Gazi Mustafa Kemal\u2019in emriyle \u0130zmir\u2019de ilk kez T\u00fcrkiye \u0130ktisat Kongresi topland\u0131. 24 Temmuz 1923 &#8211; Lozan Bar\u0131\u015f Antla\u015fmas\u0131 imzaland\u0131. 11 A\u011fustos 1923 &#8211; Gazi Mustafa Kemal, II.TBMM ba\u015fkanl\u0131\u011f\u0131na se\u00e7ildi. 29 Ekim 1923 &#8211; Anayasa de\u011fi\u015fikli\u011fi yap\u0131larak Cumhuriyet ilan edildi. 29 Ekim 1923 &#8211; Gazi Mustafa Kemal ilk cumhurba\u015fkan\u0131 se\u00e7ildi. 1 Mart 1924 &#8211; Gazi Mustafa Kemal B\u00fcy\u00fck Millet Meclisi\u2019nde halifeli\u011fi kald\u0131rd\u0131 ve \u00f6\u011fretimin birle\u015ftirilmesi hakk\u0131nda a\u00e7\u0131\u015f nutkunu s\u00f6yledi. 24 A\u011fustos 1924 &#8211; Gazi Mustafa Kemal Kastamonu\u2019da \u015fapka giydi. 14-15 Haziran 1926 &#8211; Mustafa Kemal\u2019e \u0130zmir\u2019de haz\u0131rlanan suikast giri\u015fiminin ortaya \u00e7\u0131kt\u0131. 1 Temmuz 1927 &#8211; Gazi Mustafa Kemal, cumhurba\u015fkan\u0131 s\u0131fat\u0131yla ilk kez \u0130stanbul\u2019a gitti. 1 Kas\u0131m 1927 &#8211; Gazi Mustafa Kemal 2. kez cumhurba\u015fkanl\u0131\u011f\u0131na se\u00e7ildi 9 A\u011fustos 1928 &#8211; Gazi Mustafa Kemal Sarayburnu\u2019nda T\u00fcrk harfleri hakk\u0131nda nutkunu s\u00f6yledi. 12 Nisan 1931 &#8211; Gazi Mustafa Kemal&#8217;in emriyle T\u00fcrk Tarih Kurumu kuruldu. 4 May\u0131s 1931 &#8211; Gazi Mustafa Kemal 3. kez cumhurba\u015fkanl\u0131\u011f\u0131na se\u00e7ildi. 12 Temmuz 1932 &#8211; Gazi Mustafa Kemal T\u00fcrk Dil Kurumunu kurdu. 29 Ekim 1933 &#8211; Gazi Mustafa Kemal, Cumhuriyetin 10. y\u0131ld\u00f6n\u00fcm\u00fcnde tarihi nutkunu s\u00f6yledi. 24 Kas\u0131m 1934 &#8211; Mustafa Kemal\u2019e TBMM taraf\u0131ndan \u201cAtat\u00fcrk\u201d soyad\u0131 verildi. 1 Mart 1935 &#8211; Atat\u00fcrk 4. kez Cumhurba\u015fkanl\u0131\u011f\u0131\u2019na se\u00e7ildi. 5 \u015eubat 1937 &#8211; Atat\u00fcrk alt\u0131 ilkesi anayasaya girdi. 1 May\u0131s 1937 &#8211; Atat\u00fcrk \u00e7iftliklerini hazineye ve ta\u015f\u0131namaz mallar\u0131n\u0131 da Ankara Belediyesine ba\u011f\u0131\u015flad\u0131. 28-29 Ekim &#8211; 1937 Atat\u00fcrk,son kez Ankara\u2019da Cumhuriyet Bayram\u0131 t\u00f6renlerine kat\u0131ld\u0131. 31 Mart 1938 &#8211; Atat\u00fcrk hastal\u0131\u011f\u0131 hakk\u0131nda g\u00fcnl\u00fck resmi duyurular yay\u0131na ba\u015flad\u0131. 10 Kas\u0131m 1938 Atat\u00fcrk vefat etti. 21 Kas\u0131m 1938 Atat\u00fcrk\u2019\u00fcn naa\u015f\u0131 ge\u00e7ici olarak Etnografya M\u00fczesine konuldu. 10 Kas\u0131m 1953 Atat\u00fcrk\u2019\u00fcn naa\u015f\u0131 An\u0131tkabir\u2019e nakledildi. Atat\u00fcrk Diyor ki&#8230; Milli Birlik ve Beraberlik Millet ve biz yok, birlik halinde millet var! Biz ve millet ayr\u0131 \u015feyler de\u011filiz. Ve \u015funu kesin olarak s\u00f6yleyeyim ki bir millet, varl\u0131\u011f\u0131 ve ba\u011f\u0131ms\u0131zl\u0131\u011f\u0131 i\u00e7in her \u015feye giri\u015fir ve bu ama\u00e7 u\u011frunda her \u00f6zveriyi yaparsa, ba\u015far\u0131l\u0131 olmamas\u0131 m\u00fcmk\u00fcn de\u011fildir. Elbette ba\u015far\u0131l\u0131 olur. Ba\u015far\u0131l\u0131 olamaz ise o millet \u00f6lm\u00fc\u015f demektir. \u015eu halde, millet ya\u015fad\u0131k\u00e7a ve her t\u00fcrl\u00fc \u00f6zveride bulunduk\u00e7a ba\u015far\u0131l\u0131 olamamas\u0131 d\u00fc\u015f\u00fcn\u00fclemez ve b\u00f6yle bir \u015fey s\u00f6z konusu olamaz! (Kaynak: Mazhar M\u00fcfit Kansu, Erzurum\u2019dan \u00d6l\u00fcm\u00fcne Kadar Atat\u00fcrk\u2019le Beraber, c.2 s.346) Milletin ba\u011f\u0131ms\u0131zl\u0131\u011f\u0131n\u0131, yine milletin gayret ve karar\u0131 kurtaracakt\u0131r. (Kaynak: Nutuk, s.31)D\u00fc\u015fman s\u00fcng\u00fcs\u00fc alt\u0131nda milli birlik olamaz. Ancak \u00f6zg\u00fcr vatan topraklar\u0131nda vatansever, \u00f6zverili arkada\u015flar el ele vererek memleketin ba\u011f\u0131ms\u0131zl\u0131\u011f\u0131 ve milletin \u00f6zg\u00fcrl\u00fc\u011f\u00fc i\u00e7in \u00e7al\u0131\u015fabilirler. (Kaynak: Utkan Kocat\u00fcrk, Atat\u00fcrk\u2019\u00fcn Fikir ve D\u00fc\u015f\u00fcnceleri, s. 118)Milletimiz \u00e7ok b\u00fcy\u00fckt\u00fcr. O tutsakl\u0131k ve a\u015fa\u011f\u0131l\u0131k kabul etmez. Fakat onu bir araya toplamak ve kendisine \u2018Ey millet! Sen tutsakl\u0131k ve a\u015fa\u011f\u0131l\u0131\u011f\u0131 kabul eder misin?\u2019 diye sormak gerekir. Ben, milletin verece\u011fi cevab\u0131 biliyorum. Ben, milletin b\u00fcy\u00fckl\u00fc\u011f\u00fcn\u00fc biliyor ve bu soru kar\u015f\u0131s\u0131nda onun, o soruyu soran \u00e7ocuklar\u0131n\u0131 can\u0131 gibi sevece\u011fini ve al\u0131nlar\u0131ndan \u00f6pece\u011fini biliyorum. Ben biliyorum ki bu millet, kendisine bu soruyu soran \u00e7ocuklar\u0131n\u0131n, hep bu esasa dayanan \u00e7are ve haz\u0131rl\u0131klar\u0131n\u0131 canla, ba\u015fla, kabul edecektir. (Kaynak: Yunus Nadi Abal\u0131o\u011flu, Ankara\u2019n\u0131n \u0130lk G\u00fcnleri, s. 99) T\u00fcrk Kad\u0131n\u0131 D\u00fcnyan\u0131n hi\u00e7bir yerinde, hi\u00e7bir milletinde, Anadolu k\u00f6yl\u00fc kad\u0131n\u0131n\u0131n \u00fcst\u00fcnde kad\u0131n \u00e7al\u0131\u015fmas\u0131ndan s\u00f6z etmek imk\u00e2n\u0131 yoktur ve d\u00fcnyada hi\u00e7bir milletin kad\u0131n\u0131 \u2018Ben, Anadolu kad\u0131n\u0131ndan daha fazla \u00e7al\u0131\u015ft\u0131m, milletimi kurtulu\u015fa ve zafere g\u00f6t\u00fcrmekte Anadolu kad\u0131n\u0131ndan daha fazla \u00e7al\u0131\u015ft\u0131m, milletimi kurtulu\u015fa ve zafere g\u00f6t\u00fcrmekte Anadolu kad\u0131n\u0131 kadar emek verdim\u2019 diyemez. (Kaynak: Atat\u00fcrk\u2019\u00fcn S\u00f6ylev ve Deme\u00e7leri, c. 2, s. 147)\u00a0 Kimse ink\u00e2r edemez ki, bu sava\u015fta ve ondan \u00f6nceki sava\u015flarda milletin ya\u015fama yetene\u011fini tutan, hep kad\u0131nlar\u0131m\u0131zd\u0131r. \u00c7ift s\u00fcren, tarlay\u0131 eken, ormandan odunu, keresteyi getiren, mahsul\u00fc pazara g\u00f6t\u00fcrerek paraya \u00e7eviren, aile ocaklar\u0131n\u0131n duman\u0131n\u0131 t\u00fctt\u00fcren, b\u00fct\u00fcn bunlarla beraber, s\u0131rt\u0131yla, ka\u011fn\u0131s\u0131yla, kuca\u011f\u0131ndaki yavrusuyla, ya\u011fmur demeyip, k\u0131\u015f demeyip, s\u0131cak demeyip cephenin sava\u015f gere\u00e7lerini ta\u015f\u0131yan hep onlar, hep o y\u00fcce, o \u00f6zverili, o kutsal Anadolu kad\u0131nlar\u0131 olmu\u015ftur. Bu nedenle hepimiz bu b\u00fcy\u00fck ruhlu ve b\u00fcy\u00fck duygulu kad\u0131nlar\u0131m\u0131z\u0131 g\u00f6n\u00fcl borcu ve te\u015fekk\u00fcrle sonsuza dek anal\u0131m ve kutlayal\u0131m. (Kaynak: Atat\u00fcrk\u2019\u00fcn S\u00f6ylev ve Deme\u00e7leri, c. 2, S.148)\u00a0 \u00a0Bu millet, esas e\u011fitimini aileden almaktad\u0131r. T\u00fcrk milleti \u00f6yle analara sahiptir ki, her d\u00f6nemin b\u00fcy\u00fck adamlar\u0131n\u0131 bu analar yeti\u015ftirmi\u015ftir. T\u00fcrk kad\u0131n\u0131 daha y\u00fcksek ku\u015faklar yeti\u015ftirmeye yeteneklidir. (Enver Behnan \u015eapolyo, Kemal Atat\u00fcrk ve Milli M\u00fccadele Tarihi, s. 529) Milli Egemenlik Egemenlik kay\u0131ts\u0131z ve \u015farts\u0131z milletindir. (Atat\u00fcrk\u2019\u00fcn S\u00f6ylev ve Deme\u00e7leri, c. 2, S. 58)\u00a0 Milli egemenlik \u00f6yle bir \u0131\u015f\u0131kt\u0131r ki, onun kar\u015f\u0131s\u0131nda zincirler erir, ta\u00e7 ve tahtlar yanar, yok olur. Milletlerin tutsakl\u0131\u011f\u0131 \u00fczerine kurulmu\u015f kurumlar, her tarafta y\u0131k\u0131lmaya mahk\u00fbmdurlar. (Kaynak: Atat\u00fcrk\u2019\u00fcn Telgraf ve Beyannameleri, s. 82)Arkada\u015flar! T\u00fcrkiye Devleti\u2019nde ve T\u00fcrkiye Devleti\u2019ni kuran T\u00fcrkiye halk\u0131nda h\u00fck\u00fcmdar yoktur, diktat\u00f6r yoktur! H\u00fck\u00fcmdar yoktur ve olmayacakt\u0131r; \u00e7\u00fcnk\u00fc olamaz. Yaln\u0131z bir kuvvet vard\u0131r, o da milli egemenliktir. Yaln\u0131z bir makam vard\u0131r, o da milletin kalbi, vicdan\u0131 ve varl\u0131\u011f\u0131d\u0131r. (Kaynak: Atat\u00fcrk\u2019\u00fcn S\u00f6ylev ve Deme\u00e7leri, c. 1, s. 300)\u00a0Egemenli\u011fe do\u011frudan do\u011fruya sahip olman\u0131n de\u011ferini pek iyi anlayan ve pek iyi bilen millet, bu kutsal egemenli\u011fe kar\u015f\u0131 belirecek her tehlikeyi yok edecektir. (Kaynak: Atat\u00fcrk\u2019\u00fcn S\u00f6ylev ve Deme\u00e7leri, c. 2, [&hellip;]<\/p>\n","protected":false},"author":1,"featured_media":0,"parent":0,"menu_order":0,"comment_status":"closed","ping_status":"closed","template":"","meta":{"footnotes":""},"_links":{"self":[{"href":"https:\/\/www.yaseminanaokulu.com\/index.php?rest_route=\/wp\/v2\/pages\/6365"}],"collection":[{"href":"https:\/\/www.yaseminanaokulu.com\/index.php?rest_route=\/wp\/v2\/pages"}],"about":[{"href":"https:\/\/www.yaseminanaokulu.com\/index.php?rest_route=\/wp\/v2\/types\/page"}],"author":[{"embeddable":true,"href":"https:\/\/www.yaseminanaokulu.com\/index.php?rest_route=\/wp\/v2\/users\/1"}],"replies":[{"embeddable":true,"href":"https:\/\/www.yaseminanaokulu.com\/index.php?rest_route=%2Fwp%2Fv2%2Fcomments&post=6365"}],"version-history":[{"count":10,"href":"https:\/\/www.yaseminanaokulu.com\/index.php?rest_route=\/wp\/v2\/pages\/6365\/revisions"}],"predecessor-version":[{"id":6380,"href":"https:\/\/www.yaseminanaokulu.com\/index.php?rest_route=\/wp\/v2\/pages\/6365\/revisions\/6380"}],"wp:attachment":[{"href":"https:\/\/www.yaseminanaokulu.com\/index.php?rest_route=%2Fwp%2Fv2%2Fmedia&parent=6365"}],"curies":[{"name":"wp","href":"https:\/\/api.w.org\/{rel}","templated":true}]}}